{"id":13250,"date":"2025-10-28T17:30:59","date_gmt":"2025-10-28T17:30:59","guid":{"rendered":"https:\/\/alianzahispanica.es\/?page_id=13250"},"modified":"2025-10-28T17:30:59","modified_gmt":"2025-10-28T17:30:59","slug":"biocultura-madrid-2025","status":"publish","type":"page","link":"https:\/\/alianzahispanica.es\/index.php\/biocultura-madrid-2025\/","title":{"rendered":"BIOCULTURA MADRID 2025"},"content":{"rendered":"\n<p>Eduardo J\u00e1udenes de Salazar (CEO de SYBARISDEI)<\/p>\n\n\n\n<figure class=\"wp-block-image size-large\"><img loading=\"lazy\" width=\"293\" height=\"172\" src=\"https:\/\/alianzahispanica.es\/wp-content\/uploads\/2025\/10\/image001-13.jpg\" alt=\"\" class=\"wp-image-13249\"\/><\/figure>\n\n\n\n<p>UN RESUMEN DE LO M\u00c1S INTERESANTE QUE SE AVECINA\u2026<\/p>\n\n\n\n<p>Casi 300 actividades har\u00e1n de BioCultura Madrid 2025 una feria inolvidable. La Gu\u00eda de Actividades ya est\u00e1 disponible para que puedas agendarte todo aquello que te interesa. A continuaci\u00f3n rese\u00f1amos algunas de esas 300 actividades m\u00e1s destacadas. Y, por supuesto, no olvides que tu consumo puede cambiar el mundo. S\u00ed, como consumidores tenemos la llave para cambiar lo que no nos gusta y vivir en el mundo que queremos: m\u00e1s sano, m\u00e1s ecol\u00f3gico y m\u00e1s bello. Visita las 400 empresas expositoras de la feria y conoce de primera mano el esfuerzo y amor que hay detr\u00e1s de cada uno de los productos que consumes. Y, entre estand y estand, acude a las salas con aquello que m\u00e1s te inspira y motiva.<\/p>\n\n\n\n<p>1. \u00bfQuimiof\u00f3bicos? Sin duda, uno de los debates de este a\u00f1o se titula: \u201c\u00bfEvidencia cient\u00edfica o quimiofobia? \u00bfSomos terraplanistas y \u201chippies iluminados\u201d todos aquellos\/as que denunciamos c\u00f3mo la industria qu\u00edmica est\u00e1 deteriorando la salud de la ciudadan\u00eda, de los ecosistemas, de las generaciones futuras, de la Tierra\u2026.? \u00bfSomos unos absurdos \u201cquimiof\u00f3bicos\u201d? No El d\u00eda 9 de noviembre a las 12h. Sala N106. Con Nicol\u00e1s Olea, Blanca G\u00f3mez, N\u00e9stor S\u00e1nchez, Victoria Moradell\u2026 Organiza: \u201cLa Resil-Ciencia Show &amp; Podcast.<\/p>\n\n\n\n<p>2. Showcooking EcoGastron\u00f3mico. Durante los cuatro d\u00edas de feria podr\u00e1s recibir consejos y seguir las recetas paso a paso de los gur\u00fas de la cocina ecol\u00f3gica y nutrici\u00f3n. Los eco-chefs pondr\u00e1n a disposici\u00f3n sus conocimientos durante los showcookings participativos: postres saludables, catas de vinos y aceites, de frutas y hortalizas, de t\u00e9s\/infusiones, de cervezas, chocolates, caf\u00e9s, etc. Y de aprovechamiento contra el desperdicio alimentario\u2026 Ilumina tu agenda con este hervidero de propuestas.<\/p>\n\n\n\n<p>3. Showroom EcoEst\u00c9tica. En los talleres del espacio EcoEst\u00c9tica podr\u00e1s conocer trucos para el mantenimiento b\u00e1sico de tu piel, maquillaje ecol\u00f3gico, nutricosm\u00e9ticos, cosm\u00e9tica er\u00f3tica,\u2026 y ser m\u00e1s consciente de los productos que puedes aplicarte y, tambi\u00e9n, conocer los t\u00f3xicos que contienen los tratamientos convencionales. Y sobre todo: que no te enga\u00f1en en el etiquetado. Tambi\u00e9n se celebrar\u00e1 la Jornada Profesional Los Desaf\u00edos de la Cosm\u00e9tica Econatural. S\u00e1cale lustre a tu piel y organ\u00edzate para no perderte lo que m\u00e1s te puede interesar.<\/p>\n\n\n\n<p>4. Festival Yoga Noroeste (FYN). Contaremos con importantes maestros y profesionales del yoga, nacionales e internacionales, que compartir\u00e1n sus ense\u00f1anzas y experiencias a trav\u00e9s de conferencias y talleres de yoga, de meditaci\u00f3n, con el fin de beneficiar a todos los asistentes y convertirse en un punto de encuentro entre practicantes y todos aquellos que quieran profundizar o iniciarse en el yoga. Tambi\u00e9n podr\u00e1s disfrutar de conciertos-meditativos. Todos los detalles aqu\u00ed. El FYN ya est\u00e1 aqu\u00ed: https:\/\/tibetyoga.es\/fyn-festival-yoga-noroeste\/<\/p>\n\n\n\n<p>5. Jornada (Des)aprendiendo Salud. Durante la jornada, expertos en cada \u00e1mbito\u2026 abordar\u00e1n temas clave para mantener sano en un mundo t\u00f3xico. C\u00f3mo nos afecta la exposici\u00f3n a contaminantes, qu\u00e9 nutrici\u00f3n necesitamos, qu\u00e9 ejercicios tenemos que desarrollar para mantenernos j\u00f3venes, c\u00f3mo es un h\u00e1bitat sano, estructura corporal\u2026 Se explorar\u00e1n t\u00e9cnicas para mejorar el bienestar f\u00edsico y mental. Participan los profesionales m\u00e1s destacados del momento como Juan Bola, V\u00edctor T\u00e9llez, Rubens Garc\u00eda, M\u00aa del Mar Molina, Eva Liljestr\u00f6m, Mar\u00eda Lunas, Amy Cohen y N\u00e9stor S\u00e1nchez. Una jornada para gozar de una salud de hierro. Lo que la medicina convencional no te cuenta\u2026<\/p>\n\n\n\n<p>6. Cient\u00edficos de renombre. Los personajes m\u00e1s prestigiosos de la ciencia independiente, los m\u00e1s conocidos del mundo \u201cbio\u201d, no van a faltar este a\u00f1o. Durante a\u00f1os, personas expertas en diferentes tem\u00e1ticas, escritores, artistas\u2026 como Nicol\u00e1s Olea, Carlos de Prada, Luc\u00eda Redondo, Dolores Raig\u00f3n, Victoria Moradell, Blanca G\u00f3mez\u2026 han estado con nosotros y van a volver a estar con nosotros para informarnos sobre todo aquello con que la Modernidad nos intoxica.<\/p>\n\n\n\n<p>7. Realizaci\u00f3n en vivo de podcast con asistencia de p\u00fablico. Se grabar\u00e1n podcasts con participaci\u00f3n del p\u00fablico como son: \u201cC\u00f3mo las energ\u00edas electromagn\u00e9ticas alteran la salud\u201d, \u201cMesa Redonda Regetarianos\u201d, \u201c\u00bfEvidencia cient\u00edfica o quimio-fobia?\u201d, \u201cCata organol\u00e9ptica\u201d, entre otros. Debates que no dejar\u00e1n nadie insatisfecho. O, al menos, impasible\u2026<\/p>\n\n\n\n<p>8. Para los m\u00e1s peque\u00f1os\/as. Los peque\u00f1os\/as de la casa podr\u00e1n disfrutar del Festival MamaTerra. Desde talleres de cocina creativos y divertidos hasta c\u00f3mo hacer nuestro propio pan con levadura madre, c\u00f3mo elaborar quesos, c\u00f3mo pintarse una divertida cara con maquillaje ecol\u00f3gico. Tambi\u00e9n talleres de reciclaje, de semillas, juegos y m\u00fasica\u2026 Ven a la feria en familia. Hay lugar para todos.<\/p>\n\n\n\n<p>9. Eco-Foodtrucks. Si se te abre el apetito despu\u00e9s de dar unas vueltas entre expositores, descansa en la zona donde se sit\u00faan los estands de comidas y las eco-foodtrucks: se sirven deliciosos platillos del mundo ecol\u00f3gico. Podr\u00e1s dar un bocado a una veggy pita, hamburguesas veganas super-creativas, quinoa de los Andes, una pizza, con buen vino y buena cerveza local y ecol\u00f3gica.<\/p>\n\n\n\n<p>10. Actividades exclusivamente para profesionales. Si eres profesional de uno de los sectores de la feria, puedes concertar con antelaci\u00f3n tu agenda de visitas a trav\u00e9s de este enlace: https:\/\/www.biocultura.org\/madrid\/visitantes<\/p>\n\n\n\n<p>Tambi\u00e9n est\u00e1n programadas diferentes actividades para formarnos e informarnos de la evoluci\u00f3n del mercado en Espa\u00f1a.<\/p>\n\n\n\n<p id=\"block-54c9c58b-139f-451a-af86-c33c1d0ca16d\"><strong>Mas reportajes, criticas y rese\u00f1as en<\/strong><\/p>\n\n\n\n<figure class=\"wp-block-image\"><img loading=\"lazy\" width=\"304\" height=\"166\" src=\"https:\/\/alianzahispanica.es\/wp-content\/uploads\/2024\/12\/image003-8.jpg\" alt=\"\" class=\"wp-image-11338\" srcset=\"https:\/\/alianzahispanica.es\/wp-content\/uploads\/2024\/12\/image003-8.jpg 304w, https:\/\/alianzahispanica.es\/wp-content\/uploads\/2024\/12\/image003-8-300x164.jpg 300w\" sizes=\"(max-width: 304px) 100vw, 304px\" \/><figcaption><a href=\"https:\/\/alianzahispanica.es\/index.php\/tvycinews\/\">TVYCINEWS<\/a><\/figcaption><\/figure>\n\n\n\n<figure class=\"wp-block-image\" id=\"block-5683cbfb-c068-4026-b37b-b6b7f9833161\"><img src=\"https:\/\/alianzahispanica.es\/wp-content\/uploads\/2020\/11\/W.PIE-ARTEDEI.jpg\" alt=\"La imagen tiene un atributo ALT vac\u00edo; su nombre de archivo es W.PIE-ARTEDEI.jpg\"\/><figcaption><a href=\"https:\/\/alianzahispanica.es\/index.php\/artedei\/\">ARTEDEI<\/a><\/figcaption><\/figure>\n\n\n\n<figure class=\"wp-block-image\" id=\"block-b1699e80-805a-400c-a98a-f716c92f61d0\"><img src=\"https:\/\/alianzahispanica.es\/wp-content\/uploads\/2020\/11\/W.PIE-ESCENA.jpg\" alt=\"La imagen tiene un atributo ALT vac\u00edo; su nombre de archivo es W.PIE-ESCENA.jpg\"\/><figcaption><a href=\"https:\/\/alianzahispanica.es\/index.php\/246-2\/\">ESCENADEI<\/a><\/figcaption><\/figure>\n\n\n\n<figure class=\"wp-block-image\" id=\"block-1138abff-3cc1-4e6b-bb79-1ddbe0e50ee1\"><img src=\"https:\/\/alianzahispanica.es\/wp-content\/uploads\/2020\/11\/W.PIE-LIBRODEI.jpg\" alt=\"La imagen tiene un atributo ALT vac\u00edo; su nombre de archivo es W.PIE-LIBRODEI.jpg\"\/><figcaption><a href=\"https:\/\/alianzahispanica.es\/index.php\/130-2\/\">LIBRODEI<\/a><\/figcaption><\/figure>\n\n\n\n<figure class=\"wp-block-image\" id=\"block-41952712-da8f-46e7-988e-497ea951e96e\"><img src=\"https:\/\/alianzahispanica.es\/wp-content\/uploads\/2020\/11\/W.PIE-MUSICAS.jpg\" alt=\"La imagen tiene un atributo ALT vac\u00edo; su nombre de archivo es W.PIE-MUSICAS.jpg\"\/><figcaption><a href=\"https:\/\/alianzahispanica.es\/index.php\/musicas\/\">MUSIKDEI<\/a><\/figcaption><\/figure>\n\n\n\n<figure class=\"wp-block-image\" id=\"block-ea0ecd5f-1a50-481b-83bd-4712170b161d\"><img src=\"https:\/\/alianzahispanica.es\/wp-content\/uploads\/2020\/11\/W.PIE-SYBARIS.jpg\" alt=\"La imagen tiene un atributo ALT vac\u00edo; su nombre de archivo es W.PIE-SYBARIS.jpg\"\/><figcaption><a href=\"https:\/\/alianzahispanica.es\/index.php\/sybaris\/\">SYBARSIDEI<\/a><\/figcaption><\/figure>\n\n\n\n<figure class=\"wp-block-image\" id=\"block-2b8f3db0-999e-46a8-9277-f9c5399fd0bf\"><img src=\"https:\/\/alianzahispanica.es\/wp-content\/uploads\/2024\/03\/34-1.jpg\" alt=\"La imagen tiene un atributo ALT vac\u00edo; su nombre de archivo es 34-1.jpg\"\/><figcaption><code><a href=\"https:\/\/alianzahispanica.es\/index.php\/viaje-sibarita\/\">ARCHYSIBARITA<\/a><\/code><\/figcaption><\/figure>\n\n\n\n<figure class=\"wp-block-image\" id=\"block-dd549386-e2f8-42f6-a059-cb448abb7b1f\"><img src=\"https:\/\/alianzahispanica.es\/wp-content\/uploads\/2020\/11\/W.PIE-VIAJESNEWS.jpg\" alt=\"La imagen tiene un atributo ALT vac\u00edo; su nombre de archivo es W.PIE-VIAJESNEWS.jpg\"\/><figcaption><a href=\"https:\/\/alianzahispanica.es\/index.php\/viajesnews\/\">VIAJESNEWS<\/a><\/figcaption><\/figure>\n\n\n\n<figure class=\"wp-block-image\" id=\"block-6fba1448-0d6a-4d1c-8528-72fca371a2aa\"><img src=\"https:\/\/alianzahispanica.es\/wp-content\/uploads\/2020\/11\/W.PIE-NEWSDEI.jpg\" alt=\"La imagen tiene un atributo ALT vac\u00edo; su nombre de archivo es W.PIE-NEWSDEI.jpg\"\/><figcaption><a href=\"https:\/\/alianzahispanica.es\/index.php\/newsdei\/\">DIARIONEWS<\/a><\/figcaption><\/figure>\n\n\n\n<figure class=\"wp-block-image\" id=\"block-d9cd3825-0b5b-492a-a60a-27d886b89c30\"><img src=\"https:\/\/alianzahispanica.es\/wp-content\/uploads\/2020\/11\/W.PIE-CREACION.jpg\" alt=\"La imagen tiene un atributo ALT vac\u00edo; su nombre de archivo es W.PIE-CREACION.jpg\"\/><figcaption><a href=\"https:\/\/alianzahispanica.es\/index.php\/creacion\/\">CREARTE<\/a><\/figcaption><\/figure>\n\n\n\n<figure class=\"wp-block-image\" id=\"block-9b495609-edbc-4b42-bf46-c2799e213f98\"><img src=\"https:\/\/alianzahispanica.es\/wp-content\/uploads\/2022\/07\/image001-10.jpg\" alt=\"La imagen tiene un atributo ALT vac\u00edo; su nombre de archivo es image001-10.jpg\"\/><figcaption><a href=\"https:\/\/alianzahispanica.es\/index.php\/espiral-de-creacion\/\">SALUDEI<\/a><\/figcaption><\/figure>\n\n\n\n<figure class=\"wp-block-image\" id=\"block-376f1664-31d9-4e97-a577-effc763d985f\"><img src=\"https:\/\/alianzahispanica.es\/wp-content\/uploads\/2020\/11\/W.A.EXPRESION-EL-GRITO-MUNCH.jpg\" alt=\"La imagen tiene un atributo ALT vac\u00edo; su nombre de archivo es W.A.EXPRESION-EL-GRITO-MUNCH.jpg\"\/><figcaption><a href=\"https:\/\/alianzahispanica.es\/index.php\/expresion\/\">EXPRESARTE\u2026<\/a><\/figcaption><\/figure>\n\n\n\n<figure class=\"wp-block-image\" id=\"block-13b0b508-358e-45e0-9d9c-2bee1d9585fd\"><img src=\"https:\/\/alianzahispanica.es\/wp-content\/uploads\/2022\/11\/jpg1-7.jpg\" alt=\"La imagen tiene un atributo ALT vac\u00edo; su nombre de archivo es jpg1-7.jpg\"\/><figcaption><a href=\"https:\/\/alianzahispanica.es\/index.php\/medioambiente\/\">TECNODEI<\/a><\/figcaption><\/figure>\n","protected":false},"excerpt":{"rendered":"<p>Eduardo J\u00e1udenes de Salazar (CEO de SYBARISDEI) UN RESUMEN DE LO M\u00c1S INTERESANTE QUE SE AVECINA\u2026 Casi 300 actividades har\u00e1n de BioCultura Madrid 2025 una feria inolvidable. La Gu\u00eda de Actividades ya est\u00e1 disponible para que puedas agendarte todo aquello que te interesa. A continuaci\u00f3n rese\u00f1amos algunas de esas 300 actividades m\u00e1s destacadas. Y, por [&hellip;]<\/p>\n","protected":false},"author":1,"featured_media":0,"parent":0,"menu_order":0,"comment_status":"closed","ping_status":"closed","template":"","meta":[],"_links":{"self":[{"href":"https:\/\/alianzahispanica.es\/index.php\/wp-json\/wp\/v2\/pages\/13250"}],"collection":[{"href":"https:\/\/alianzahispanica.es\/index.php\/wp-json\/wp\/v2\/pages"}],"about":[{"href":"https:\/\/alianzahispanica.es\/index.php\/wp-json\/wp\/v2\/types\/page"}],"author":[{"embeddable":true,"href":"https:\/\/alianzahispanica.es\/index.php\/wp-json\/wp\/v2\/users\/1"}],"replies":[{"embeddable":true,"href":"https:\/\/alianzahispanica.es\/index.php\/wp-json\/wp\/v2\/comments?post=13250"}],"version-history":[{"count":1,"href":"https:\/\/alianzahispanica.es\/index.php\/wp-json\/wp\/v2\/pages\/13250\/revisions"}],"predecessor-version":[{"id":13251,"href":"https:\/\/alianzahispanica.es\/index.php\/wp-json\/wp\/v2\/pages\/13250\/revisions\/13251"}],"wp:attachment":[{"href":"https:\/\/alianzahispanica.es\/index.php\/wp-json\/wp\/v2\/media?parent=13250"}],"curies":[{"name":"wp","href":"https:\/\/api.w.org\/{rel}","templated":true}]}}