{"id":10225,"date":"2024-07-10T16:39:06","date_gmt":"2024-07-10T16:39:06","guid":{"rendered":"https:\/\/alianzahispanica.es\/?page_id=10225"},"modified":"2024-07-10T16:39:06","modified_gmt":"2024-07-10T16:39:06","slug":"el-pacto-del-anexo","status":"publish","type":"page","link":"https:\/\/alianzahispanica.es\/index.php\/el-pacto-del-anexo\/","title":{"rendered":"EL PACTO DEL ANEXO"},"content":{"rendered":"\n<p>Eduardo J\u00e1udenes de Salazar (CEO de LIBRODEI)<\/p>\n\n\n\n<figure class=\"wp-block-image size-large\"><img loading=\"lazy\" width=\"186\" height=\"271\" src=\"https:\/\/alianzahispanica.es\/wp-content\/uploads\/2024\/07\/image002-6.jpg\" alt=\"\" class=\"wp-image-10221\"\/><\/figure>\n\n\n\n<p>EL PACTO DEL ANEXO es un libro de adquisici\u00f3n obligada para todos los amantes de la pol\u00edtica.<\/p>\n\n\n\n<p>Muy bien ideado, documentado y escrito por Jos\u00e9 Luis Heras Celem\u00edn.<\/p>\n\n\n\n<p>Escritor de gran precisi\u00f3n, sensibilidad y oficio.<\/p>\n\n\n\n<p>Impecablemente editado por SND Editores<\/p>\n\n\n\n<p>Mereci\u00f3 la pena, sin lugar a dudas, editar y leer este libro.<\/p>\n\n\n\n<p>No puede faltar en ninguna biblioteca que se precie.<\/p>\n\n\n\n<p>En este libro, \u2018El Pacto del Anexo\u2019, se analizan muchos acontecimientos. Muchas realidades. Muchos actos de los pol\u00edticos que representan a Espa\u00f1a en el Congreso. Sin colores. Con ideolog\u00edas distintas. La vida de las personas en el Congreso de los Diputados. La vida, que a veces se cubre con un manto pol\u00edtico. Es inevitable. Pero destaca la convivencia, la realidad de la vida. Sus relaciones. El partido no cuenta. La ideolog\u00eda no influye. Son las personas y sus vidas. A veces, o casi siempre, en la sociedad se marcan l\u00edmites inexistentes entre los diputados por pertenecer a distintos partidos. Falso. La relaci\u00f3n entre las personas es distinta a la relaci\u00f3n pol\u00edtica, aunque sean los mismos actores. La relaci\u00f3n entre las personas es independiente de los partidos. Incluso en el amor. Sobre todo en el amor.<\/p>\n\n\n\n<p>El autor del libro recorre las posibilidades que tiene cada diputado. Y si son nuevos, m\u00e1s. \u201cY ahora vamos a hablar de pol\u00edtica. De la pol\u00edtica humana de los miembros de la C\u00e1mara que llegan al parlamento por primera vez\u201d. Y analizando la pol\u00edtica humana de los miembros, el autor va describiendo casos y vidas de algunos diputados y diputadas. La vida misma. Y si hay cambio de Gobierno, m\u00e1s. Porque aparecen los intereses econ\u00f3micos y hay peleas por ocupar cargos, cuanto m\u00e1s importantes, mejor. A luchar. La vida misma realizada en el Congreso. As\u00ed lo refleja el autor: \u201cEn todos los partidos y en todos los pa\u00edses, siempre que se produce un cambio de Gobierno hay movimientos en todos los grupos pol\u00edticos. Los que han ganado las elecciones porque les toca gobernar y tienen que buscar el equilibrio dentro del partido repartiendo los beneficios electorales. Ya sabes, cargos y favores generalmente\u201d.<\/p>\n\n\n\n<p>Con el discurrir de los cap\u00edtulos, el autor va reflejando los problemas pol\u00edticos y su engranaje, a veces sospechoso. Como el problema catal\u00e1n y en qu\u00e9 desembarc\u00f3. Y c\u00f3mo termin\u00f3. Poco a poco nos va introduciendo en el problema y c\u00f3mo afecta a cada persona, sea del partido que sea. \u201cDentro de los grupos pol\u00edticos tambi\u00e9n hay que tener en cuenta la realidad de las personas, porque todo el mundo tiene su alma en su almario\u201d. Mariano Rajoy, el presidente del Gobierno de Espa\u00f1a. Y el problema catal\u00e1n. Defenestraci\u00f3n del gobierno por la Moci\u00f3n de Censura del PSOE. Adi\u00f3s Mariano. Y llega Pedro S\u00e1nchez. Pero, \u00bfpor qu\u00e9 se fue Mariano? \u00bfPor qu\u00e9 el presidente Rajoy no dimiti\u00f3 dos minutos antes de la votaci\u00f3n y dej\u00f3 el Gobierno en su partido? \u00bfPor qu\u00e9 se pas\u00f3 la tarde tomando \u2018chupitos\u2019 y no fue al Congreso? \u00bfPor qu\u00e9 Soraya Sainz de Santamar\u00eda, la vicepresidenta, no fue presidenta del Gobierno de Espa\u00f1a? Se dice que alg\u00fan poder f\u00e1ctico no quer\u00eda a Soraya de presidenta. Se dice que no quer\u00edan a una mujer en la Presidencia. Y si se llama Soraya, menos. \u00bfPactos a la espalda de Rajoy? O decisi\u00f3n patri\u00f3tica vislumbrando un futuro que solo se ve desde la presidencia del Gobierno. Se dice. Se cuenta. Se rumorea. La realidad s\u00f3lo la sabe Rajoy. (Alguien m\u00e1s, seguro). La versi\u00f3n expuesta en \u2018El Pacto del Anexo\u2019 est\u00e1 bien contada. Basada en la realidad. Basada en la vida de aquellos d\u00edas. En la vida del Congreso. Toca leer el libro.<\/p>\n\n\n\n<p>Ficha t\u00e9cnica<\/p>\n\n\n\n<p>Editorial:<\/p>\n\n\n\n<p>SND Editores<\/p>\n\n\n\n<p>Idioma:<\/p>\n\n\n\n<p>CASTELLANO<\/p>\n\n\n\n<p>N\u00famero de p\u00e1ginas:<\/p>\n\n\n\n<p>400<\/p>\n\n\n\n<p id=\"block-54c9c58b-139f-451a-af86-c33c1d0ca16d\"><strong><span class=\"has-inline-color has-accent-color\">Mas reportajes, criticas y rese\u00f1as en<\/span><\/strong><\/p>\n\n\n\n<figure class=\"wp-block-image\" id=\"block-5683cbfb-c068-4026-b37b-b6b7f9833161\"><img src=\"https:\/\/alianzahispanica.es\/wp-content\/uploads\/2020\/11\/W.PIE-ARTEDEI.jpg\" alt=\"La imagen tiene un atributo ALT vac\u00edo; su nombre de archivo es W.PIE-ARTEDEI.jpg\"\/><figcaption><a href=\"https:\/\/alianzahispanica.es\/index.php\/artedei\/\">ARTEDEI<\/a><\/figcaption><\/figure>\n\n\n\n<figure class=\"wp-block-image\" id=\"block-b1699e80-805a-400c-a98a-f716c92f61d0\"><img src=\"https:\/\/alianzahispanica.es\/wp-content\/uploads\/2020\/11\/W.PIE-ESCENA.jpg\" alt=\"La imagen tiene un atributo ALT vac\u00edo; su nombre de archivo es W.PIE-ESCENA.jpg\"\/><figcaption><a href=\"https:\/\/alianzahispanica.es\/index.php\/246-2\/\">ESCENADEI<\/a><\/figcaption><\/figure>\n\n\n\n<figure class=\"wp-block-image\" id=\"block-1138abff-3cc1-4e6b-bb79-1ddbe0e50ee1\"><img src=\"https:\/\/alianzahispanica.es\/wp-content\/uploads\/2020\/11\/W.PIE-LIBRODEI.jpg\" alt=\"La imagen tiene un atributo ALT vac\u00edo; su nombre de archivo es W.PIE-LIBRODEI.jpg\"\/><figcaption><a href=\"https:\/\/alianzahispanica.es\/index.php\/130-2\/\">LIBRODEI<\/a><\/figcaption><\/figure>\n\n\n\n<figure class=\"wp-block-image\" id=\"block-41952712-da8f-46e7-988e-497ea951e96e\"><img src=\"https:\/\/alianzahispanica.es\/wp-content\/uploads\/2020\/11\/W.PIE-MUSICAS.jpg\" alt=\"La imagen tiene un atributo ALT vac\u00edo; su nombre de archivo es W.PIE-MUSICAS.jpg\"\/><figcaption><a href=\"https:\/\/alianzahispanica.es\/index.php\/musicas\/\">MUSIKDEI<\/a><\/figcaption><\/figure>\n\n\n\n<figure class=\"wp-block-image\" id=\"block-ea0ecd5f-1a50-481b-83bd-4712170b161d\"><img src=\"https:\/\/alianzahispanica.es\/wp-content\/uploads\/2020\/11\/W.PIE-SYBARIS.jpg\" alt=\"La imagen tiene un atributo ALT vac\u00edo; su nombre de archivo es W.PIE-SYBARIS.jpg\"\/><figcaption><a href=\"https:\/\/alianzahispanica.es\/index.php\/sybaris\/\">SYBARSIDEI<\/a><\/figcaption><\/figure>\n\n\n\n<figure class=\"wp-block-image\" id=\"block-2b8f3db0-999e-46a8-9277-f9c5399fd0bf\"><img src=\"https:\/\/alianzahispanica.es\/wp-content\/uploads\/2024\/03\/34-1.jpg\" alt=\"La imagen tiene un atributo ALT vac\u00edo; su nombre de archivo es 34-1.jpg\"\/><figcaption><code><a href=\"https:\/\/alianzahispanica.es\/index.php\/viaje-sibarita\/\"><span class=\"has-inline-color has-accent-color\">ARCHYSIBARITA<\/span><\/a><\/code><\/figcaption><\/figure>\n\n\n\n<figure class=\"wp-block-image\" id=\"block-dd549386-e2f8-42f6-a059-cb448abb7b1f\"><img src=\"https:\/\/alianzahispanica.es\/wp-content\/uploads\/2020\/11\/W.PIE-VIAJESNEWS.jpg\" alt=\"La imagen tiene un atributo ALT vac\u00edo; su nombre de archivo es W.PIE-VIAJESNEWS.jpg\"\/><figcaption><a href=\"https:\/\/alianzahispanica.es\/index.php\/viajesnews\/\">VIAJESNEWS<\/a><\/figcaption><\/figure>\n\n\n\n<figure class=\"wp-block-image\" id=\"block-6fba1448-0d6a-4d1c-8528-72fca371a2aa\"><img src=\"https:\/\/alianzahispanica.es\/wp-content\/uploads\/2020\/11\/W.PIE-NEWSDEI.jpg\" alt=\"La imagen tiene un atributo ALT vac\u00edo; su nombre de archivo es W.PIE-NEWSDEI.jpg\"\/><figcaption><a href=\"https:\/\/alianzahispanica.es\/index.php\/newsdei\/\">DIARIONEWS<\/a><\/figcaption><\/figure>\n\n\n\n<figure class=\"wp-block-image\" id=\"block-d9cd3825-0b5b-492a-a60a-27d886b89c30\"><img src=\"https:\/\/alianzahispanica.es\/wp-content\/uploads\/2020\/11\/W.PIE-CREACION.jpg\" alt=\"La imagen tiene un atributo ALT vac\u00edo; su nombre de archivo es W.PIE-CREACION.jpg\"\/><figcaption><a href=\"https:\/\/alianzahispanica.es\/index.php\/creacion\/\">CREARTE<\/a><\/figcaption><\/figure>\n\n\n\n<figure class=\"wp-block-image\" id=\"block-9b495609-edbc-4b42-bf46-c2799e213f98\"><img src=\"https:\/\/alianzahispanica.es\/wp-content\/uploads\/2022\/07\/image001-10.jpg\" alt=\"La imagen tiene un atributo ALT vac\u00edo; su nombre de archivo es image001-10.jpg\"\/><figcaption><a href=\"https:\/\/alianzahispanica.es\/index.php\/espiral-de-creacion\/\">SALUDEI<\/a><\/figcaption><\/figure>\n\n\n\n<figure class=\"wp-block-image\" id=\"block-376f1664-31d9-4e97-a577-effc763d985f\"><img src=\"https:\/\/alianzahispanica.es\/wp-content\/uploads\/2020\/11\/W.A.EXPRESION-EL-GRITO-MUNCH.jpg\" alt=\"La imagen tiene un atributo ALT vac\u00edo; su nombre de archivo es W.A.EXPRESION-EL-GRITO-MUNCH.jpg\"\/><figcaption><a href=\"https:\/\/alianzahispanica.es\/index.php\/expresion\/\">EXPRESARTE\u2026<\/a><\/figcaption><\/figure>\n\n\n\n<figure class=\"wp-block-image\" id=\"block-13b0b508-358e-45e0-9d9c-2bee1d9585fd\"><img src=\"https:\/\/alianzahispanica.es\/wp-content\/uploads\/2022\/11\/jpg1-7.jpg\" alt=\"La imagen tiene un atributo ALT vac\u00edo; su nombre de archivo es jpg1-7.jpg\"\/><figcaption><a href=\"https:\/\/alianzahispanica.es\/index.php\/medioambiente\/\">TECNODEI<\/a><\/figcaption><\/figure>\n","protected":false},"excerpt":{"rendered":"<p>Eduardo J\u00e1udenes de Salazar (CEO de LIBRODEI) EL PACTO DEL ANEXO es un libro de adquisici\u00f3n obligada para todos los amantes de la pol\u00edtica. Muy bien ideado, documentado y escrito por Jos\u00e9 Luis Heras Celem\u00edn. Escritor de gran precisi\u00f3n, sensibilidad y oficio. Impecablemente editado por SND Editores Mereci\u00f3 la pena, sin lugar a dudas, editar [&hellip;]<\/p>\n","protected":false},"author":1,"featured_media":0,"parent":0,"menu_order":0,"comment_status":"closed","ping_status":"closed","template":"","meta":[],"_links":{"self":[{"href":"https:\/\/alianzahispanica.es\/index.php\/wp-json\/wp\/v2\/pages\/10225"}],"collection":[{"href":"https:\/\/alianzahispanica.es\/index.php\/wp-json\/wp\/v2\/pages"}],"about":[{"href":"https:\/\/alianzahispanica.es\/index.php\/wp-json\/wp\/v2\/types\/page"}],"author":[{"embeddable":true,"href":"https:\/\/alianzahispanica.es\/index.php\/wp-json\/wp\/v2\/users\/1"}],"replies":[{"embeddable":true,"href":"https:\/\/alianzahispanica.es\/index.php\/wp-json\/wp\/v2\/comments?post=10225"}],"version-history":[{"count":1,"href":"https:\/\/alianzahispanica.es\/index.php\/wp-json\/wp\/v2\/pages\/10225\/revisions"}],"predecessor-version":[{"id":10226,"href":"https:\/\/alianzahispanica.es\/index.php\/wp-json\/wp\/v2\/pages\/10225\/revisions\/10226"}],"wp:attachment":[{"href":"https:\/\/alianzahispanica.es\/index.php\/wp-json\/wp\/v2\/media?parent=10225"}],"curies":[{"name":"wp","href":"https:\/\/api.w.org\/{rel}","templated":true}]}}